{"id":7,"date":"2025-03-10T23:55:59","date_gmt":"2025-03-10T22:55:59","guid":{"rendered":"https:\/\/agirpournoisy.fr\/?page_id=7"},"modified":"2026-03-05T21:44:20","modified_gmt":"2026-03-05T20:44:20","slug":"accueil","status":"publish","type":"page","link":"https:\/\/agirpournoisy.fr\/","title":{"rendered":"Accueil"},"content":{"rendered":"\t\t<div data-elementor-type=\"wp-page\" data-elementor-id=\"7\" class=\"elementor elementor-7\" data-elementor-post-type=\"page\">\n\t\t\t\t<div class=\"elementor-element elementor-element-e8ea909 e-con-full e-flex e-con e-parent\" data-id=\"e8ea909\" data-element_type=\"container\" data-e-type=\"container\">\n\t\t\t\t<div class=\"elementor-element elementor-element-127227c elementor-widget elementor-widget-image\" data-id=\"127227c\" data-element_type=\"widget\" data-e-type=\"widget\" data-widget_type=\"image.default\">\n\t\t\t\t<div class=\"elementor-widget-container\">\n\t\t\t\t\t\t\t\t\t\t\t\t\t\t\t<img fetchpriority=\"high\" decoding=\"async\" width=\"557\" height=\"557\" src=\"https:\/\/agirpournoisy.fr\/wp-content\/uploads\/2025\/06\/Agir-pour-Noisy-Logo-Rond.jpg\" class=\"attachment-full size-full wp-image-36\" alt=\"\" srcset=\"https:\/\/agirpournoisy.fr\/wp-content\/uploads\/2025\/06\/Agir-pour-Noisy-Logo-Rond.jpg 557w, https:\/\/agirpournoisy.fr\/wp-content\/uploads\/2025\/06\/Agir-pour-Noisy-Logo-Rond-300x300.jpg 300w, https:\/\/agirpournoisy.fr\/wp-content\/uploads\/2025\/06\/Agir-pour-Noisy-Logo-Rond-150x150.jpg 150w\" sizes=\"(max-width: 557px) 100vw, 557px\" \/>\t\t\t\t\t\t\t\t\t\t\t\t\t\t\t<\/div>\n\t\t\t\t<\/div>\n\t\t\t\t<div class=\"elementor-element elementor-element-7880bd5 elementor-widget elementor-widget-text-editor\" data-id=\"7880bd5\" data-element_type=\"widget\" data-e-type=\"widget\" data-widget_type=\"text-editor.default\">\n\t\t\t\t<div class=\"elementor-widget-container\">\n\t\t\t\t\t\t\t\t\t<div class=\"xdj266r x14z9mp xat24cr x1lziwak x1vvkbs x126k92a\">Nous avons fait le choix du rassemblement pour Noisy.<\/div><div class=\"x14z9mp xat24cr x1lziwak x1vvkbs xtlvy1s x126k92a\">Agir pour Noisy rejoint avec Jean-Paul Lefebvre la liste Noisy au c\u0153ur port\u00e9 par <span class=\"xdmh292 x15dsfln x193iq5w xeuugli x13faqbe x1vvkbs xt0psk2 x1fey0fg xlh3980 xvmahel x1x9mg3 xo1l8bm\"><a class=\"x1i10hfl xjbqb8w x1ejq31n x18oe1m7 x1sy0etr xstzfhl x972fbf x10w94by x1qhh985 x14e42zd x9f619 x1ypdohk xt0psk2 x3ct3a4 xdj266r x14z9mp xat24cr x1lziwak xexx8yu xyri2b x18d9i69 x1c1uobl x16tdsg8 x1hl2dhg xggy1nq x1a2a7pz xkrqix3 x1sur9pj x1fey0fg x1s688f\" tabindex=\"0\" role=\"link\" href=\"https:\/\/www.facebook.com\/profile.php?id=61583990347127&amp;__tn__=K\" target=\"_blank\" rel=\"noopener\">Thomas Franceschini &#8211; \u00c9lections Municipales 2026<\/a><\/span>.<\/div><div>\u00a0<\/div><div>Ensemble, redonnons \u00e0 Noisy l\u2019\u00e9lan qu\u2019elle m\u00e9rite. \ud83d\udc9b\ud83d\udc9c<\/div>\t\t\t\t\t\t\t\t<\/div>\n\t\t\t\t<\/div>\n\t\t\t\t<div class=\"elementor-element elementor-element-5dd4769 elementor-widget elementor-widget-video\" data-id=\"5dd4769\" data-element_type=\"widget\" data-e-type=\"widget\" data-settings=\"{&quot;youtube_url&quot;:&quot;https:\\\/\\\/youtu.be\\\/1OEQ2s1IQZc?si=2qwLNhkQr6CvXmEX&quot;,&quot;video_type&quot;:&quot;youtube&quot;,&quot;controls&quot;:&quot;yes&quot;}\" data-widget_type=\"video.default\">\n\t\t\t\t<div class=\"elementor-widget-container\">\n\t\t\t\t\t\t\t<div class=\"elementor-wrapper elementor-open-inline\">\n\t\t\t<div class=\"elementor-video\"><\/div>\t\t<\/div>\n\t\t\t\t\t\t<\/div>\n\t\t\t\t<\/div>\n\t\t\t\t<div class=\"elementor-element elementor-element-e2f77e6 elementor-widget elementor-widget-heading\" data-id=\"e2f77e6\" data-element_type=\"widget\" data-e-type=\"widget\" data-widget_type=\"heading.default\">\n\t\t\t\t<div class=\"elementor-widget-container\">\n\t\t\t\t\t<h1 class=\"elementor-heading-title elementor-size-default\">D\u00e9couvrez notre programme commun<\/h1>\t\t\t\t<\/div>\n\t\t\t\t<\/div>\n\t\t\t\t<div class=\"elementor-element elementor-element-8e3ed7e elementor-widget elementor-widget-html\" data-id=\"8e3ed7e\" data-element_type=\"widget\" data-e-type=\"widget\" data-widget_type=\"html.default\">\n\t\t\t\t<div class=\"elementor-widget-container\">\n\t\t\t\t\t<div style=\"text-align:center;\"><div style=\"margin:8px 0px 4px;\"><a href=\"https:\/\/www.calameo.com\/books\/008163046399453cb54d0\" target=\"_blank\">Programme Officiel Tf 2026 (1)<\/a><\/div><iframe src=\"\/\/v.calameo.com\/?bkcode=008163046399453cb54d0\" width=\"300\" height=\"194\" frameborder=\"0\" scrolling=\"no\" allowtransparency allowfullscreen style=\"margin:0 auto;\"><\/iframe><div style=\"margin:4px 0px 8px;\"><a href=\"http:\/\/www.calameo.com\/\">Publish at Calameo<\/a><\/div><\/div>\t\t\t\t<\/div>\n\t\t\t\t<\/div>\n\t\t\t\t<div class=\"elementor-element elementor-element-1ee46ba elementor-widget elementor-widget-heading\" data-id=\"1ee46ba\" data-element_type=\"widget\" data-e-type=\"widget\" data-widget_type=\"heading.default\">\n\t\t\t\t<div class=\"elementor-widget-container\">\n\t\t\t\t\t<h1 class=\"elementor-heading-title elementor-size-default\">Suivez-nous sur les r\u00e9seaux sociaux !<\/h1>\t\t\t\t<\/div>\n\t\t\t\t<\/div>\n\t\t\t\t<div class=\"elementor-element elementor-element-5cee845 elementor-shape-rounded elementor-grid-0 e-grid-align-center elementor-widget elementor-widget-social-icons\" data-id=\"5cee845\" data-element_type=\"widget\" data-e-type=\"widget\" data-widget_type=\"social-icons.default\">\n\t\t\t\t<div class=\"elementor-widget-container\">\n\t\t\t\t\t\t\t<div class=\"elementor-social-icons-wrapper elementor-grid\" role=\"list\">\n\t\t\t\t\t\t\t<span class=\"elementor-grid-item\" role=\"listitem\">\n\t\t\t\t\t<a class=\"elementor-icon elementor-social-icon elementor-social-icon-facebook elementor-repeater-item-55bb659\" href=\"https:\/\/www.facebook.com\/profile.php?id=61583990347127\" target=\"_blank\">\n\t\t\t\t\t\t<span class=\"elementor-screen-only\">Facebook<\/span>\n\t\t\t\t\t\t<svg aria-hidden=\"true\" class=\"e-font-icon-svg e-fab-facebook\" viewBox=\"0 0 512 512\" xmlns=\"http:\/\/www.w3.org\/2000\/svg\"><path d=\"M504 256C504 119 393 8 256 8S8 119 8 256c0 123.78 90.69 226.38 209.25 245V327.69h-63V256h63v-54.64c0-62.15 37-96.48 93.67-96.48 27.14 0 55.52 4.84 55.52 4.84v61h-31.28c-30.8 0-40.41 19.12-40.41 38.73V256h68.78l-11 71.69h-57.78V501C413.31 482.38 504 379.78 504 256z\"><\/path><\/svg>\t\t\t\t\t<\/a>\n\t\t\t\t<\/span>\n\t\t\t\t\t\t\t<span class=\"elementor-grid-item\" role=\"listitem\">\n\t\t\t\t\t<a class=\"elementor-icon elementor-social-icon elementor-social-icon-instagram elementor-repeater-item-df25a1c\" href=\"https:\/\/www.instagram.com\/thomas.franceschini8\/\" target=\"_blank\">\n\t\t\t\t\t\t<span class=\"elementor-screen-only\">Instagram<\/span>\n\t\t\t\t\t\t<svg aria-hidden=\"true\" class=\"e-font-icon-svg e-fab-instagram\" viewBox=\"0 0 448 512\" xmlns=\"http:\/\/www.w3.org\/2000\/svg\"><path d=\"M224.1 141c-63.6 0-114.9 51.3-114.9 114.9s51.3 114.9 114.9 114.9S339 319.5 339 255.9 287.7 141 224.1 141zm0 189.6c-41.1 0-74.7-33.5-74.7-74.7s33.5-74.7 74.7-74.7 74.7 33.5 74.7 74.7-33.6 74.7-74.7 74.7zm146.4-194.3c0 14.9-12 26.8-26.8 26.8-14.9 0-26.8-12-26.8-26.8s12-26.8 26.8-26.8 26.8 12 26.8 26.8zm76.1 27.2c-1.7-35.9-9.9-67.7-36.2-93.9-26.2-26.2-58-34.4-93.9-36.2-37-2.1-147.9-2.1-184.9 0-35.8 1.7-67.6 9.9-93.9 36.1s-34.4 58-36.2 93.9c-2.1 37-2.1 147.9 0 184.9 1.7 35.9 9.9 67.7 36.2 93.9s58 34.4 93.9 36.2c37 2.1 147.9 2.1 184.9 0 35.9-1.7 67.7-9.9 93.9-36.2 26.2-26.2 34.4-58 36.2-93.9 2.1-37 2.1-147.8 0-184.8zM398.8 388c-7.8 19.6-22.9 34.7-42.6 42.6-29.5 11.7-99.5 9-132.1 9s-102.7 2.6-132.1-9c-19.6-7.8-34.7-22.9-42.6-42.6-11.7-29.5-9-99.5-9-132.1s-2.6-102.7 9-132.1c7.8-19.6 22.9-34.7 42.6-42.6 29.5-11.7 99.5-9 132.1-9s102.7-2.6 132.1 9c19.6 7.8 34.7 22.9 42.6 42.6 11.7 29.5 9 99.5 9 132.1s2.7 102.7-9 132.1z\"><\/path><\/svg>\t\t\t\t\t<\/a>\n\t\t\t\t<\/span>\n\t\t\t\t\t\t\t<span class=\"elementor-grid-item\" role=\"listitem\">\n\t\t\t\t\t<a class=\"elementor-icon elementor-social-icon elementor-social-icon-tiktok elementor-repeater-item-f380858\" href=\"https:\/\/www.tiktok.com\/@thomasfranceschini\" target=\"_blank\">\n\t\t\t\t\t\t<span class=\"elementor-screen-only\">Tiktok<\/span>\n\t\t\t\t\t\t<svg aria-hidden=\"true\" class=\"e-font-icon-svg e-fab-tiktok\" viewBox=\"0 0 448 512\" xmlns=\"http:\/\/www.w3.org\/2000\/svg\"><path d=\"M448,209.91a210.06,210.06,0,0,1-122.77-39.25V349.38A162.55,162.55,0,1,1,185,188.31V278.2a74.62,74.62,0,1,0,52.23,71.18V0l88,0a121.18,121.18,0,0,0,1.86,22.17h0A122.18,122.18,0,0,0,381,102.39a121.43,121.43,0,0,0,67,20.14Z\"><\/path><\/svg>\t\t\t\t\t<\/a>\n\t\t\t\t<\/span>\n\t\t\t\t\t<\/div>\n\t\t\t\t\t\t<\/div>\n\t\t\t\t<\/div>\n\t\t\t\t<div class=\"elementor-element elementor-element-2952841 elementor-align-center elementor-widget elementor-widget-button\" data-id=\"2952841\" data-element_type=\"widget\" data-e-type=\"widget\" data-widget_type=\"button.default\">\n\t\t\t\t<div class=\"elementor-widget-container\">\n\t\t\t\t\t\t\t\t\t<div class=\"elementor-button-wrapper\">\n\t\t\t\t\t<a class=\"elementor-button elementor-button-link elementor-size-sm\" href=\"mailto:contact@thomas-franceschini2026.fr\">\n\t\t\t\t\t\t<span class=\"elementor-button-content-wrapper\">\n\t\t\t\t\t\t<span class=\"elementor-button-icon\">\n\t\t\t\t<svg aria-hidden=\"true\" class=\"e-font-icon-svg e-far-envelope\" viewBox=\"0 0 512 512\" xmlns=\"http:\/\/www.w3.org\/2000\/svg\"><path d=\"M464 64H48C21.49 64 0 85.49 0 112v288c0 26.51 21.49 48 48 48h416c26.51 0 48-21.49 48-48V112c0-26.51-21.49-48-48-48zm0 48v40.805c-22.422 18.259-58.168 46.651-134.587 106.49-16.841 13.247-50.201 45.072-73.413 44.701-23.208.375-56.579-31.459-73.413-44.701C106.18 199.465 70.425 171.067 48 152.805V112h416zM48 400V214.398c22.914 18.251 55.409 43.862 104.938 82.646 21.857 17.205 60.134 55.186 103.062 54.955 42.717.231 80.509-37.199 103.053-54.947 49.528-38.783 82.032-64.401 104.947-82.653V400H48z\"><\/path><\/svg>\t\t\t<\/span>\n\t\t\t\t\t\t\t\t\t<span class=\"elementor-button-text\">contact@thomas-franceschini2026.fr<\/span>\n\t\t\t\t\t<\/span>\n\t\t\t\t\t<\/a>\n\t\t\t\t<\/div>\n\t\t\t\t\t\t\t\t<\/div>\n\t\t\t\t<\/div>\n\t\t\t\t<\/div>\n\t\t\t\t<\/div>\n\t\t","protected":false},"excerpt":{"rendered":"<p>Nous avons fait le choix du rassemblement pour Noisy.Agir pour Noisy rejoint avec Jean-Paul Lefebvre la liste Noisy au c\u0153ur port\u00e9 par Thomas Franceschini &#8211; \u00c9lections Municipales 2026.\u00a0Ensemble, redonnons \u00e0 Noisy l\u2019\u00e9lan qu\u2019elle m\u00e9rite. \ud83d\udc9b\ud83d\udc9chttps:\/\/youtu.be\/1OEQ2s1IQZc?si=2qwLNhkQr6CvXmEX D\u00e9couvrez notre programme commun Programme Officiel Tf 2026 (1)Publish at Calameo Suivez-nous sur les r\u00e9seaux sociaux ! Facebook Instagram Tiktok [&hellip;]<\/p>\n","protected":false},"author":1,"featured_media":0,"parent":0,"menu_order":0,"comment_status":"closed","ping_status":"closed","template":"elementor_canvas","meta":{"footnotes":""},"class_list":["post-7","page","type-page","status-publish","hentry"],"yoast_head":"<!-- This site is optimized with the Yoast SEO plugin v27.1.1 - https:\/\/yoast.com\/product\/yoast-seo-wordpress\/ -->\n<title>Accueil - Agir pour Noisy<\/title>\n<meta name=\"robots\" content=\"index, follow, max-snippet:-1, max-image-preview:large, max-video-preview:-1\" \/>\n<link rel=\"canonical\" href=\"https:\/\/agirpournoisy.fr\/\" \/>\n<meta property=\"og:locale\" content=\"fr_FR\" \/>\n<meta property=\"og:type\" content=\"article\" \/>\n<meta property=\"og:title\" content=\"Accueil - Agir pour Noisy\" \/>\n<meta property=\"og:description\" content=\"Nous avons fait le choix du rassemblement pour Noisy.Agir pour Noisy rejoint avec Jean-Paul Lefebvre la liste Noisy au c\u0153ur port\u00e9 par Thomas Franceschini &#8211; \u00c9lections Municipales 2026.\u00a0Ensemble, redonnons \u00e0 Noisy l\u2019\u00e9lan qu\u2019elle m\u00e9rite. \ud83d\udc9b\ud83d\udc9chttps:\/\/youtu.be\/1OEQ2s1IQZc?si=2qwLNhkQr6CvXmEX D\u00e9couvrez notre programme commun Programme Officiel Tf 2026 (1)Publish at Calameo Suivez-nous sur les r\u00e9seaux sociaux ! Facebook Instagram Tiktok [&hellip;]\" \/>\n<meta property=\"og:url\" content=\"https:\/\/agirpournoisy.fr\/\" \/>\n<meta property=\"og:site_name\" content=\"Agir pour Noisy\" \/>\n<meta property=\"article:publisher\" content=\"https:\/\/www.facebook.com\/agirpournoisylesec\" \/>\n<meta property=\"article:modified_time\" content=\"2026-03-05T20:44:20+00:00\" \/>\n<meta property=\"og:image\" content=\"https:\/\/agirpournoisy.fr\/wp-content\/uploads\/2025\/06\/Agir-pour-Noisy-Logo-Rond.jpg\" \/>\n\t<meta property=\"og:image:width\" content=\"557\" \/>\n\t<meta property=\"og:image:height\" content=\"557\" \/>\n\t<meta property=\"og:image:type\" content=\"image\/jpeg\" \/>\n<meta name=\"twitter:card\" content=\"summary_large_image\" \/>\n<meta name=\"twitter:label1\" content=\"Dur\u00e9e de lecture estim\u00e9e\" \/>\n\t<meta name=\"twitter:data1\" content=\"1 minute\" \/>\n<script type=\"application\/ld+json\" class=\"yoast-schema-graph\">{\"@context\":\"https:\/\/schema.org\",\"@graph\":[{\"@type\":\"WebPage\",\"@id\":\"https:\/\/agirpournoisy.fr\/\",\"url\":\"https:\/\/agirpournoisy.fr\/\",\"name\":\"Accueil - Agir pour Noisy\",\"isPartOf\":{\"@id\":\"https:\/\/agirpournoisy.fr\/#website\"},\"primaryImageOfPage\":{\"@id\":\"https:\/\/agirpournoisy.fr\/#primaryimage\"},\"image\":{\"@id\":\"https:\/\/agirpournoisy.fr\/#primaryimage\"},\"thumbnailUrl\":\"https:\/\/agirpournoisy.fr\/wp-content\/uploads\/2025\/06\/Agir-pour-Noisy-Logo-Rond.jpg\",\"datePublished\":\"2025-03-10T22:55:59+00:00\",\"dateModified\":\"2026-03-05T20:44:20+00:00\",\"breadcrumb\":{\"@id\":\"https:\/\/agirpournoisy.fr\/#breadcrumb\"},\"inLanguage\":\"fr-FR\",\"potentialAction\":[{\"@type\":\"ReadAction\",\"target\":[\"https:\/\/agirpournoisy.fr\/\"]}]},{\"@type\":\"ImageObject\",\"inLanguage\":\"fr-FR\",\"@id\":\"https:\/\/agirpournoisy.fr\/#primaryimage\",\"url\":\"https:\/\/agirpournoisy.fr\/wp-content\/uploads\/2025\/06\/Agir-pour-Noisy-Logo-Rond.jpg\",\"contentUrl\":\"https:\/\/agirpournoisy.fr\/wp-content\/uploads\/2025\/06\/Agir-pour-Noisy-Logo-Rond.jpg\",\"width\":557,\"height\":557},{\"@type\":\"BreadcrumbList\",\"@id\":\"https:\/\/agirpournoisy.fr\/#breadcrumb\",\"itemListElement\":[{\"@type\":\"ListItem\",\"position\":1,\"name\":\"Accueil\",\"item\":\"https:\/\/agirpournoisy.fr\/\"},{\"@type\":\"ListItem\",\"position\":2,\"name\":\"Accueil\"}]},{\"@type\":\"WebSite\",\"@id\":\"https:\/\/agirpournoisy.fr\/#website\",\"url\":\"https:\/\/agirpournoisy.fr\/\",\"name\":\"Agir pour Noisy\",\"description\":\"\",\"publisher\":{\"@id\":\"https:\/\/agirpournoisy.fr\/#organization\"},\"potentialAction\":[{\"@type\":\"SearchAction\",\"target\":{\"@type\":\"EntryPoint\",\"urlTemplate\":\"https:\/\/agirpournoisy.fr\/?s={search_term_string}\"},\"query-input\":{\"@type\":\"PropertyValueSpecification\",\"valueRequired\":true,\"valueName\":\"search_term_string\"}}],\"inLanguage\":\"fr-FR\"},{\"@type\":\"Organization\",\"@id\":\"https:\/\/agirpournoisy.fr\/#organization\",\"name\":\"Agir pour Noisy\",\"url\":\"https:\/\/agirpournoisy.fr\/\",\"logo\":{\"@type\":\"ImageObject\",\"inLanguage\":\"fr-FR\",\"@id\":\"https:\/\/agirpournoisy.fr\/#\/schema\/logo\/image\/\",\"url\":\"https:\/\/agirpournoisy.fr\/wp-content\/uploads\/2025\/03\/Agir-pour-Noisy-Logo.jpg\",\"contentUrl\":\"https:\/\/agirpournoisy.fr\/wp-content\/uploads\/2025\/03\/Agir-pour-Noisy-Logo.jpg\",\"width\":480,\"height\":480,\"caption\":\"Agir pour Noisy\"},\"image\":{\"@id\":\"https:\/\/agirpournoisy.fr\/#\/schema\/logo\/image\/\"},\"sameAs\":[\"https:\/\/www.facebook.com\/agirpournoisylesec\",\"https:\/\/www.instagram.com\/agirpournoisy\/\",\"https:\/\/www.youtube.com\/@agirpournoisy2026\"]}]}<\/script>\n<!-- \/ Yoast SEO plugin. -->","yoast_head_json":{"title":"Accueil - Agir pour Noisy","robots":{"index":"index","follow":"follow","max-snippet":"max-snippet:-1","max-image-preview":"max-image-preview:large","max-video-preview":"max-video-preview:-1"},"canonical":"https:\/\/agirpournoisy.fr\/","og_locale":"fr_FR","og_type":"article","og_title":"Accueil - Agir pour Noisy","og_description":"Nous avons fait le choix du rassemblement pour Noisy.Agir pour Noisy rejoint avec Jean-Paul Lefebvre la liste Noisy au c\u0153ur port\u00e9 par Thomas Franceschini &#8211; \u00c9lections Municipales 2026.\u00a0Ensemble, redonnons \u00e0 Noisy l\u2019\u00e9lan qu\u2019elle m\u00e9rite. \ud83d\udc9b\ud83d\udc9chttps:\/\/youtu.be\/1OEQ2s1IQZc?si=2qwLNhkQr6CvXmEX D\u00e9couvrez notre programme commun Programme Officiel Tf 2026 (1)Publish at Calameo Suivez-nous sur les r\u00e9seaux sociaux ! Facebook Instagram Tiktok [&hellip;]","og_url":"https:\/\/agirpournoisy.fr\/","og_site_name":"Agir pour Noisy","article_publisher":"https:\/\/www.facebook.com\/agirpournoisylesec","article_modified_time":"2026-03-05T20:44:20+00:00","og_image":[{"width":557,"height":557,"url":"https:\/\/agirpournoisy.fr\/wp-content\/uploads\/2025\/06\/Agir-pour-Noisy-Logo-Rond.jpg","type":"image\/jpeg"}],"twitter_card":"summary_large_image","twitter_misc":{"Dur\u00e9e de lecture estim\u00e9e":"1 minute"},"schema":{"@context":"https:\/\/schema.org","@graph":[{"@type":"WebPage","@id":"https:\/\/agirpournoisy.fr\/","url":"https:\/\/agirpournoisy.fr\/","name":"Accueil - Agir pour Noisy","isPartOf":{"@id":"https:\/\/agirpournoisy.fr\/#website"},"primaryImageOfPage":{"@id":"https:\/\/agirpournoisy.fr\/#primaryimage"},"image":{"@id":"https:\/\/agirpournoisy.fr\/#primaryimage"},"thumbnailUrl":"https:\/\/agirpournoisy.fr\/wp-content\/uploads\/2025\/06\/Agir-pour-Noisy-Logo-Rond.jpg","datePublished":"2025-03-10T22:55:59+00:00","dateModified":"2026-03-05T20:44:20+00:00","breadcrumb":{"@id":"https:\/\/agirpournoisy.fr\/#breadcrumb"},"inLanguage":"fr-FR","potentialAction":[{"@type":"ReadAction","target":["https:\/\/agirpournoisy.fr\/"]}]},{"@type":"ImageObject","inLanguage":"fr-FR","@id":"https:\/\/agirpournoisy.fr\/#primaryimage","url":"https:\/\/agirpournoisy.fr\/wp-content\/uploads\/2025\/06\/Agir-pour-Noisy-Logo-Rond.jpg","contentUrl":"https:\/\/agirpournoisy.fr\/wp-content\/uploads\/2025\/06\/Agir-pour-Noisy-Logo-Rond.jpg","width":557,"height":557},{"@type":"BreadcrumbList","@id":"https:\/\/agirpournoisy.fr\/#breadcrumb","itemListElement":[{"@type":"ListItem","position":1,"name":"Accueil","item":"https:\/\/agirpournoisy.fr\/"},{"@type":"ListItem","position":2,"name":"Accueil"}]},{"@type":"WebSite","@id":"https:\/\/agirpournoisy.fr\/#website","url":"https:\/\/agirpournoisy.fr\/","name":"Agir pour Noisy","description":"","publisher":{"@id":"https:\/\/agirpournoisy.fr\/#organization"},"potentialAction":[{"@type":"SearchAction","target":{"@type":"EntryPoint","urlTemplate":"https:\/\/agirpournoisy.fr\/?s={search_term_string}"},"query-input":{"@type":"PropertyValueSpecification","valueRequired":true,"valueName":"search_term_string"}}],"inLanguage":"fr-FR"},{"@type":"Organization","@id":"https:\/\/agirpournoisy.fr\/#organization","name":"Agir pour Noisy","url":"https:\/\/agirpournoisy.fr\/","logo":{"@type":"ImageObject","inLanguage":"fr-FR","@id":"https:\/\/agirpournoisy.fr\/#\/schema\/logo\/image\/","url":"https:\/\/agirpournoisy.fr\/wp-content\/uploads\/2025\/03\/Agir-pour-Noisy-Logo.jpg","contentUrl":"https:\/\/agirpournoisy.fr\/wp-content\/uploads\/2025\/03\/Agir-pour-Noisy-Logo.jpg","width":480,"height":480,"caption":"Agir pour Noisy"},"image":{"@id":"https:\/\/agirpournoisy.fr\/#\/schema\/logo\/image\/"},"sameAs":["https:\/\/www.facebook.com\/agirpournoisylesec","https:\/\/www.instagram.com\/agirpournoisy\/","https:\/\/www.youtube.com\/@agirpournoisy2026"]}]}},"_links":{"self":[{"href":"https:\/\/agirpournoisy.fr\/index.php?rest_route=\/wp\/v2\/pages\/7","targetHints":{"allow":["GET"]}}],"collection":[{"href":"https:\/\/agirpournoisy.fr\/index.php?rest_route=\/wp\/v2\/pages"}],"about":[{"href":"https:\/\/agirpournoisy.fr\/index.php?rest_route=\/wp\/v2\/types\/page"}],"author":[{"embeddable":true,"href":"https:\/\/agirpournoisy.fr\/index.php?rest_route=\/wp\/v2\/users\/1"}],"replies":[{"embeddable":true,"href":"https:\/\/agirpournoisy.fr\/index.php?rest_route=%2Fwp%2Fv2%2Fcomments&post=7"}],"version-history":[{"count":31,"href":"https:\/\/agirpournoisy.fr\/index.php?rest_route=\/wp\/v2\/pages\/7\/revisions"}],"predecessor-version":[{"id":57,"href":"https:\/\/agirpournoisy.fr\/index.php?rest_route=\/wp\/v2\/pages\/7\/revisions\/57"}],"wp:attachment":[{"href":"https:\/\/agirpournoisy.fr\/index.php?rest_route=%2Fwp%2Fv2%2Fmedia&parent=7"}],"curies":[{"name":"wp","href":"https:\/\/api.w.org\/{rel}","templated":true}]}}